{"id":5818,"date":"2019-07-01T09:20:02","date_gmt":"2019-07-01T09:20:02","guid":{"rendered":"https:\/\/www.casasdaquintadecima.com\/about-story-history-casas-da-quinta-de-cima-boutique-hotel-algarve-tavira-cacela-velha\/"},"modified":"2026-04-02T09:28:29","modified_gmt":"2026-04-02T09:28:29","slug":"a-nossa-historia-casas-da-quinta-de-cima-boutique-hotel-algarve-tavira-cacela-velha","status":"publish","type":"page","link":"https:\/\/www.casasdaquintadecima.com\/pt-pt\/a-nossa-historia-casas-da-quinta-de-cima-boutique-hotel-algarve-tavira-cacela-velha\/","title":{"rendered":"A Nossa Hist\u00f3ria"},"content":{"rendered":"\t\t<div data-elementor-type=\"wp-post\" data-elementor-id=\"5818\" class=\"elementor elementor-5818 elementor-684\" data-elementor-post-type=\"page\">\n\t\t\t\t\t\t<section class=\"elementor-section elementor-top-section elementor-element elementor-element-343adea elementor-section-stretched elementor-section-full_width elementor-section-height-min-height elementor-section-height-default elementor-section-items-middle\" data-id=\"343adea\" data-element_type=\"section\" data-settings=\"{&quot;stretch_section&quot;:&quot;section-stretched&quot;,&quot;background_background&quot;:&quot;classic&quot;,&quot;hoteller_ext_is_background_parallax&quot;:&quot;false&quot;,&quot;hoteller_ext_is_background_on_scroll&quot;:&quot;false&quot;}\">\n\t\t\t\t\t\t<div class=\"elementor-container elementor-column-gap-default\">\n\t\t\t\t\t<div class=\"elementor-column elementor-col-100 elementor-top-column elementor-element elementor-element-62ad360\" data-id=\"62ad360\" data-element_type=\"column\" data-settings=\"{&quot;hoteller_ext_link_sidemenu&quot;:&quot;false&quot;,&quot;hoteller_ext_link_fullmenu&quot;:&quot;false&quot;,&quot;hoteller_ext_link_closed_fullmenu&quot;:&quot;false&quot;,&quot;hoteller_ext_is_scrollme&quot;:&quot;false&quot;,&quot;hoteller_ext_is_smoove&quot;:&quot;false&quot;,&quot;hoteller_ext_is_parallax_mouse&quot;:&quot;false&quot;,&quot;hoteller_ext_is_infinite&quot;:&quot;false&quot;,&quot;hoteller_ext_is_fadeout_animation&quot;:&quot;false&quot;,&quot;hoteller_ext_mobile_static&quot;:&quot;false&quot;}\">\n\t\t\t<div class=\"elementor-widget-wrap elementor-element-populated\">\n\t\t\t\t\t\t<div class=\"elementor-element elementor-element-79a99a5 elementor-widget elementor-widget-heading\" data-id=\"79a99a5\" data-element_type=\"widget\" data-settings=\"{&quot;hoteller_ext_link_sidemenu&quot;:&quot;false&quot;,&quot;hoteller_ext_link_fullmenu&quot;:&quot;false&quot;,&quot;hoteller_ext_link_closed_fullmenu&quot;:&quot;false&quot;,&quot;hoteller_ext_is_scrollme&quot;:&quot;false&quot;,&quot;hoteller_ext_is_parallax_mouse&quot;:&quot;false&quot;,&quot;hoteller_ext_is_infinite&quot;:&quot;false&quot;,&quot;hoteller_ext_is_fadeout_animation&quot;:&quot;false&quot;,&quot;hoteller_ext_mobile_static&quot;:&quot;false&quot;}\" data-widget_type=\"heading.default\">\n\t\t\t\t<div class=\"elementor-widget-container\">\n\t\t\t\t\t<h1 class=\"elementor-heading-title elementor-size-default\">Um ref\u00fagio de f\u00e9rias paradis\u00edaco<br class=\"\">na \u00faltima extens\u00e3o do Algarve preservado<\/h1>\t\t\t\t<\/div>\n\t\t\t\t<\/div>\n\t\t\t\t\t<\/div>\n\t\t<\/div>\n\t\t\t\t\t<\/div>\n\t\t<\/section>\n\t\t\t\t<section class=\"elementor-section elementor-top-section elementor-element elementor-element-65f3eee elementor-section-boxed elementor-section-height-default elementor-section-height-default\" data-id=\"65f3eee\" data-element_type=\"section\" data-settings=\"{&quot;hoteller_ext_is_background_parallax&quot;:&quot;false&quot;,&quot;hoteller_ext_is_background_on_scroll&quot;:&quot;false&quot;}\">\n\t\t\t\t\t\t<div class=\"elementor-container elementor-column-gap-default\">\n\t\t\t\t\t<div class=\"elementor-column elementor-col-100 elementor-top-column elementor-element elementor-element-8d39604\" data-id=\"8d39604\" data-element_type=\"column\" data-settings=\"{&quot;hoteller_ext_link_sidemenu&quot;:&quot;false&quot;,&quot;hoteller_ext_link_fullmenu&quot;:&quot;false&quot;,&quot;hoteller_ext_link_closed_fullmenu&quot;:&quot;false&quot;,&quot;hoteller_ext_is_scrollme&quot;:&quot;false&quot;,&quot;hoteller_ext_is_smoove&quot;:&quot;false&quot;,&quot;hoteller_ext_is_parallax_mouse&quot;:&quot;false&quot;,&quot;hoteller_ext_is_infinite&quot;:&quot;false&quot;,&quot;hoteller_ext_is_fadeout_animation&quot;:&quot;false&quot;,&quot;hoteller_ext_mobile_static&quot;:&quot;false&quot;}\">\n\t\t\t<div class=\"elementor-widget-wrap elementor-element-populated\">\n\t\t\t\t\t\t<div class=\"elementor-element elementor-element-4f54103 elementor-widget elementor-widget-heading\" data-id=\"4f54103\" data-element_type=\"widget\" data-settings=\"{&quot;hoteller_ext_link_sidemenu&quot;:&quot;false&quot;,&quot;hoteller_ext_link_fullmenu&quot;:&quot;false&quot;,&quot;hoteller_ext_link_closed_fullmenu&quot;:&quot;false&quot;,&quot;hoteller_ext_is_scrollme&quot;:&quot;false&quot;,&quot;hoteller_ext_is_parallax_mouse&quot;:&quot;false&quot;,&quot;hoteller_ext_is_infinite&quot;:&quot;false&quot;,&quot;hoteller_ext_is_fadeout_animation&quot;:&quot;false&quot;,&quot;hoteller_ext_mobile_static&quot;:&quot;false&quot;}\" data-widget_type=\"heading.default\">\n\t\t\t\t<div class=\"elementor-widget-container\">\n\t\t\t\t\t<h2 class=\"elementor-heading-title elementor-size-default\">Numa quinta centen\u00e1ria de 50 hectares, as Casas da Quinta De Cima s\u00e3o um ref\u00fagio de f\u00e9rias intemporal que combina a tranquilidade de um retiro rural com a simplicidade aut\u00eantica do modo de vida algarvio, ao lado de Cacela Velha.<\/h2>\t\t\t\t<\/div>\n\t\t\t\t<\/div>\n\t\t\t\t\t<\/div>\n\t\t<\/div>\n\t\t\t\t\t<\/div>\n\t\t<\/section>\n\t\t\t\t<section class=\"elementor-section elementor-top-section elementor-element elementor-element-7f9a662 elementor-section-content-top elementor-reverse-mobile elementor-section-boxed elementor-section-height-default elementor-section-height-default\" data-id=\"7f9a662\" data-element_type=\"section\" data-settings=\"{&quot;hoteller_ext_is_background_parallax&quot;:&quot;false&quot;,&quot;hoteller_ext_is_background_on_scroll&quot;:&quot;false&quot;}\">\n\t\t\t\t\t\t<div class=\"elementor-container elementor-column-gap-default\">\n\t\t\t\t\t<div class=\"elementor-column elementor-col-50 elementor-top-column elementor-element elementor-element-0c8b372\" data-id=\"0c8b372\" data-element_type=\"column\" data-settings=\"{&quot;hoteller_ext_link_sidemenu&quot;:&quot;false&quot;,&quot;hoteller_ext_link_fullmenu&quot;:&quot;false&quot;,&quot;hoteller_ext_link_closed_fullmenu&quot;:&quot;false&quot;,&quot;hoteller_ext_is_scrollme&quot;:&quot;false&quot;,&quot;hoteller_ext_is_smoove&quot;:&quot;false&quot;,&quot;hoteller_ext_is_parallax_mouse&quot;:&quot;false&quot;,&quot;hoteller_ext_is_infinite&quot;:&quot;false&quot;,&quot;hoteller_ext_is_fadeout_animation&quot;:&quot;false&quot;,&quot;hoteller_ext_mobile_static&quot;:&quot;false&quot;}\">\n\t\t\t<div class=\"elementor-widget-wrap elementor-element-populated\">\n\t\t\t\t\t\t<div class=\"elementor-element elementor-element-4b228c7 elementor-widget elementor-widget-image\" data-id=\"4b228c7\" data-element_type=\"widget\" data-settings=\"{&quot;hoteller_image_is_animation&quot;:&quot;false&quot;,&quot;hoteller_ext_link_sidemenu&quot;:&quot;false&quot;,&quot;hoteller_ext_link_fullmenu&quot;:&quot;false&quot;,&quot;hoteller_ext_link_closed_fullmenu&quot;:&quot;false&quot;,&quot;hoteller_ext_is_scrollme&quot;:&quot;false&quot;,&quot;hoteller_ext_is_smoove&quot;:&quot;false&quot;,&quot;hoteller_ext_is_parallax_mouse&quot;:&quot;false&quot;,&quot;hoteller_ext_is_infinite&quot;:&quot;false&quot;,&quot;hoteller_ext_is_fadeout_animation&quot;:&quot;false&quot;,&quot;hoteller_ext_mobile_static&quot;:&quot;false&quot;}\" data-widget_type=\"image.default\">\n\t\t\t\t<div class=\"elementor-widget-container\">\n\t\t\t\t\t\t\t\t\t\t\t\t\t\t\t<img fetchpriority=\"high\" decoding=\"async\" width=\"1048\" height=\"1397\" src=\"https:\/\/www.casasdaquintadecima.com\/wp-content\/uploads\/2024\/04\/imagem-about-1.webp\" class=\"attachment-full size-full wp-image-5455\" alt=\"Casas da Quinta de Cima Cacela Velha Tavira Algarve\" srcset=\"https:\/\/www.casasdaquintadecima.com\/wp-content\/uploads\/2024\/04\/imagem-about-1.webp 1048w, https:\/\/www.casasdaquintadecima.com\/wp-content\/uploads\/2024\/04\/imagem-about-1-225x300.webp 225w, https:\/\/www.casasdaquintadecima.com\/wp-content\/uploads\/2024\/04\/imagem-about-1-768x1024.webp 768w, https:\/\/www.casasdaquintadecima.com\/wp-content\/uploads\/2024\/04\/imagem-about-1-440x587.webp 440w, https:\/\/www.casasdaquintadecima.com\/wp-content\/uploads\/2024\/04\/imagem-about-1-600x800.webp 600w\" sizes=\"(max-width: 1048px) 100vw, 1048px\" \/>\t\t\t\t\t\t\t\t\t\t\t\t\t\t\t<\/div>\n\t\t\t\t<\/div>\n\t\t\t\t\t<\/div>\n\t\t<\/div>\n\t\t\t\t<div class=\"elementor-column elementor-col-50 elementor-top-column elementor-element elementor-element-c79ab70\" data-id=\"c79ab70\" data-element_type=\"column\" data-settings=\"{&quot;hoteller_ext_link_sidemenu&quot;:&quot;false&quot;,&quot;hoteller_ext_link_fullmenu&quot;:&quot;false&quot;,&quot;hoteller_ext_link_closed_fullmenu&quot;:&quot;false&quot;,&quot;hoteller_ext_is_scrollme&quot;:&quot;false&quot;,&quot;hoteller_ext_is_smoove&quot;:&quot;false&quot;,&quot;hoteller_ext_is_parallax_mouse&quot;:&quot;false&quot;,&quot;hoteller_ext_is_infinite&quot;:&quot;false&quot;,&quot;hoteller_ext_is_fadeout_animation&quot;:&quot;false&quot;,&quot;hoteller_ext_mobile_static&quot;:&quot;false&quot;}\">\n\t\t\t<div class=\"elementor-widget-wrap elementor-element-populated\">\n\t\t\t\t\t\t<div class=\"elementor-element elementor-element-8ce4006 elementor-widget elementor-widget-heading\" data-id=\"8ce4006\" data-element_type=\"widget\" data-settings=\"{&quot;hoteller_ext_link_sidemenu&quot;:&quot;false&quot;,&quot;hoteller_ext_link_fullmenu&quot;:&quot;false&quot;,&quot;hoteller_ext_link_closed_fullmenu&quot;:&quot;false&quot;,&quot;hoteller_ext_is_scrollme&quot;:&quot;false&quot;,&quot;hoteller_ext_is_smoove&quot;:&quot;false&quot;,&quot;hoteller_ext_is_parallax_mouse&quot;:&quot;false&quot;,&quot;hoteller_ext_is_infinite&quot;:&quot;false&quot;,&quot;hoteller_ext_is_fadeout_animation&quot;:&quot;false&quot;,&quot;hoteller_ext_mobile_static&quot;:&quot;false&quot;}\" data-widget_type=\"heading.default\">\n\t\t\t\t<div class=\"elementor-widget-container\">\n\t\t\t\t\t<h2 class=\"elementor-heading-title elementor-size-default\">Um Boutique Hotel no Cora\u00e7\u00e3o do Algarve Aut\u00eantico<\/h2>\t\t\t\t<\/div>\n\t\t\t\t<\/div>\n\t\t\t\t<div class=\"elementor-element elementor-element-9b26528 elementor-widget elementor-widget-text-editor\" data-id=\"9b26528\" data-element_type=\"widget\" data-settings=\"{&quot;hoteller_ext_link_sidemenu&quot;:&quot;false&quot;,&quot;hoteller_ext_link_fullmenu&quot;:&quot;false&quot;,&quot;hoteller_ext_link_closed_fullmenu&quot;:&quot;false&quot;,&quot;hoteller_ext_is_scrollme&quot;:&quot;false&quot;,&quot;hoteller_ext_is_parallax_mouse&quot;:&quot;false&quot;,&quot;hoteller_ext_is_infinite&quot;:&quot;false&quot;,&quot;hoteller_ext_is_fadeout_animation&quot;:&quot;false&quot;,&quot;hoteller_ext_mobile_static&quot;:&quot;false&quot;}\" data-widget_type=\"text-editor.default\">\n\t\t\t\t<div class=\"elementor-widget-container\">\n\t\t\t\t\t\t\t\t\tEntre laranjeiras perfumadas e campos de flores silvestres no Sotavento algarvio, as Casas da Quinta de Cima ficam a dois passos da praia de Cacela Velha, conhecida como uma das mais bonitas da regi\u00e3o.\n<br><br>Nascidas do desejo de partilhar o ref\u00fagio de f\u00e9rias familiar com amigos e h\u00f3spedes, as Casas da Quinta De Cima s\u00e3o um pitoresco boutique hotel que oferece a ess\u00eancia do Algarve aut\u00eantico, das f\u00e9rias de praia de sempre, a partir do sossego de uma herdade agr\u00edcola centen\u00e1ria que termina na Ria Formosa.\n\t\t\t\t\t\t\t\t<\/div>\n\t\t\t\t<\/div>\n\t\t\t\t<div class=\"elementor-element elementor-element-0d6ba1c elementor-align-left elementor-mobile-align-center elementor-widget elementor-widget-button\" data-id=\"0d6ba1c\" data-element_type=\"widget\" data-settings=\"{&quot;hoteller_ext_link_sidemenu&quot;:&quot;false&quot;,&quot;hoteller_ext_link_fullmenu&quot;:&quot;false&quot;,&quot;hoteller_ext_link_closed_fullmenu&quot;:&quot;false&quot;,&quot;hoteller_ext_is_scrollme&quot;:&quot;false&quot;,&quot;hoteller_ext_is_smoove&quot;:&quot;false&quot;,&quot;hoteller_ext_is_parallax_mouse&quot;:&quot;false&quot;,&quot;hoteller_ext_is_infinite&quot;:&quot;false&quot;,&quot;hoteller_ext_is_fadeout_animation&quot;:&quot;false&quot;,&quot;hoteller_ext_mobile_static&quot;:&quot;false&quot;}\" data-widget_type=\"button.default\">\n\t\t\t\t<div class=\"elementor-widget-container\">\n\t\t\t\t\t\t\t\t\t<div class=\"elementor-button-wrapper\">\n\t\t\t\t\t<a class=\"elementor-button elementor-button-link elementor-size-sm elementor-animation-grow\" href=\"https:\/\/secure.guestcentric.net\/api\/bg\/book.php?apikey=cc68d4c39fcf045a5cdd4440d64361ef\" target=\"_blank\" id=\"reservas\" rel=\"noopener\">\n\t\t\t\t\t\t<span class=\"elementor-button-content-wrapper\">\n\t\t\t\t\t\t\t\t\t<span class=\"elementor-button-text\">RESERVAR A SUA ESTADIA<\/span>\n\t\t\t\t\t<\/span>\n\t\t\t\t\t<\/a>\n\t\t\t\t<\/div>\n\t\t\t\t\t\t\t\t<\/div>\n\t\t\t\t<\/div>\n\t\t\t\t\t<\/div>\n\t\t<\/div>\n\t\t\t\t\t<\/div>\n\t\t<\/section>\n\t\t\t\t<section class=\"elementor-section elementor-top-section elementor-element elementor-element-a8132b3 elementor-section-boxed elementor-section-height-default elementor-section-height-default\" data-id=\"a8132b3\" data-element_type=\"section\" data-settings=\"{&quot;hoteller_ext_is_background_parallax&quot;:&quot;false&quot;,&quot;hoteller_ext_is_background_on_scroll&quot;:&quot;false&quot;}\">\n\t\t\t\t\t\t<div class=\"elementor-container elementor-column-gap-default\">\n\t\t\t\t\t<div class=\"elementor-column elementor-col-100 elementor-top-column elementor-element elementor-element-e6efe14\" data-id=\"e6efe14\" data-element_type=\"column\" data-settings=\"{&quot;hoteller_ext_link_sidemenu&quot;:&quot;false&quot;,&quot;hoteller_ext_link_fullmenu&quot;:&quot;false&quot;,&quot;hoteller_ext_link_closed_fullmenu&quot;:&quot;false&quot;,&quot;hoteller_ext_is_scrollme&quot;:&quot;false&quot;,&quot;hoteller_ext_is_smoove&quot;:&quot;false&quot;,&quot;hoteller_ext_is_parallax_mouse&quot;:&quot;false&quot;,&quot;hoteller_ext_is_infinite&quot;:&quot;false&quot;,&quot;hoteller_ext_is_fadeout_animation&quot;:&quot;false&quot;,&quot;hoteller_ext_mobile_static&quot;:&quot;false&quot;}\">\n\t\t\t<div class=\"elementor-widget-wrap elementor-element-populated\">\n\t\t\t\t\t\t<div class=\"elementor-element elementor-element-87ebbb9 elementor-widget elementor-widget-heading\" data-id=\"87ebbb9\" data-element_type=\"widget\" data-settings=\"{&quot;hoteller_ext_link_sidemenu&quot;:&quot;false&quot;,&quot;hoteller_ext_link_fullmenu&quot;:&quot;false&quot;,&quot;hoteller_ext_link_closed_fullmenu&quot;:&quot;false&quot;,&quot;hoteller_ext_is_scrollme&quot;:&quot;false&quot;,&quot;hoteller_ext_is_parallax_mouse&quot;:&quot;false&quot;,&quot;hoteller_ext_is_infinite&quot;:&quot;false&quot;,&quot;hoteller_ext_is_fadeout_animation&quot;:&quot;false&quot;,&quot;hoteller_ext_mobile_static&quot;:&quot;false&quot;}\" data-widget_type=\"heading.default\">\n\t\t\t\t<div class=\"elementor-widget-container\">\n\t\t\t\t\t<h4 class=\"elementor-heading-title elementor-size-default\">Hist\u00f3ria<\/h4>\t\t\t\t<\/div>\n\t\t\t\t<\/div>\n\t\t\t\t<div class=\"elementor-element elementor-element-98ed78d elementor-widget elementor-widget-heading\" data-id=\"98ed78d\" data-element_type=\"widget\" data-settings=\"{&quot;hoteller_ext_link_sidemenu&quot;:&quot;false&quot;,&quot;hoteller_ext_link_fullmenu&quot;:&quot;false&quot;,&quot;hoteller_ext_link_closed_fullmenu&quot;:&quot;false&quot;,&quot;hoteller_ext_is_scrollme&quot;:&quot;false&quot;,&quot;hoteller_ext_is_smoove&quot;:&quot;false&quot;,&quot;hoteller_ext_is_parallax_mouse&quot;:&quot;false&quot;,&quot;hoteller_ext_is_infinite&quot;:&quot;false&quot;,&quot;hoteller_ext_is_fadeout_animation&quot;:&quot;false&quot;,&quot;hoteller_ext_mobile_static&quot;:&quot;false&quot;}\" data-widget_type=\"heading.default\">\n\t\t\t\t<div class=\"elementor-widget-container\">\n\t\t\t\t\t<h2 class=\"elementor-heading-title elementor-size-default\">Sobre a Quinta de Cima<\/h2>\t\t\t\t<\/div>\n\t\t\t\t<\/div>\n\t\t\t\t<div class=\"elementor-element elementor-element-3da5c1d elementor-widget elementor-widget-text-editor\" data-id=\"3da5c1d\" data-element_type=\"widget\" data-settings=\"{&quot;hoteller_ext_link_sidemenu&quot;:&quot;false&quot;,&quot;hoteller_ext_link_fullmenu&quot;:&quot;false&quot;,&quot;hoteller_ext_link_closed_fullmenu&quot;:&quot;false&quot;,&quot;hoteller_ext_is_scrollme&quot;:&quot;false&quot;,&quot;hoteller_ext_is_smoove&quot;:&quot;false&quot;,&quot;hoteller_ext_is_parallax_mouse&quot;:&quot;false&quot;,&quot;hoteller_ext_is_infinite&quot;:&quot;false&quot;,&quot;hoteller_ext_is_fadeout_animation&quot;:&quot;false&quot;,&quot;hoteller_ext_mobile_static&quot;:&quot;false&quot;}\" data-widget_type=\"text-editor.default\">\n\t\t\t\t<div class=\"elementor-widget-container\">\n\t\t\t\t\t\t\t\t\t<p>Propriedade da mesma fam\u00edlia h\u00e1 cinco gera\u00e7\u00f5es, o projeto do boutique hotel <strong>Casas da Quinta de Cima<\/strong> foi pensado com o tempo e dedica\u00e7\u00e3o, acrescentando-lhe valor e sustentabilidade ao seu legado de cem anos.<\/p>\t\t\t\t\t\t\t\t<\/div>\n\t\t\t\t<\/div>\n\t\t\t\t<div class=\"elementor-element elementor-element-a68a8f4 elementor-widget elementor-widget-image\" data-id=\"a68a8f4\" data-element_type=\"widget\" data-settings=\"{&quot;hoteller_image_is_animation&quot;:&quot;false&quot;,&quot;hoteller_ext_link_sidemenu&quot;:&quot;false&quot;,&quot;hoteller_ext_link_fullmenu&quot;:&quot;false&quot;,&quot;hoteller_ext_link_closed_fullmenu&quot;:&quot;false&quot;,&quot;hoteller_ext_is_scrollme&quot;:&quot;false&quot;,&quot;hoteller_ext_is_smoove&quot;:&quot;false&quot;,&quot;hoteller_ext_is_parallax_mouse&quot;:&quot;false&quot;,&quot;hoteller_ext_is_infinite&quot;:&quot;false&quot;,&quot;hoteller_ext_is_fadeout_animation&quot;:&quot;false&quot;,&quot;hoteller_ext_mobile_static&quot;:&quot;false&quot;}\" data-widget_type=\"image.default\">\n\t\t\t\t<div class=\"elementor-widget-container\">\n\t\t\t\t\t\t\t\t\t\t\t\t\t\t\t<img decoding=\"async\" width=\"1024\" height=\"768\" src=\"https:\/\/www.casasdaquintadecima.com\/wp-content\/uploads\/2024\/04\/archive-arquivo-casas-da-quinta-de-cima-suites-algarve-tavira-cacela-velha.webp\" class=\"attachment-large size-large wp-image-5571\" alt=\"Arquivo Casas da Quinta de Cima Cacela Velha Tavira Algarve\" srcset=\"https:\/\/www.casasdaquintadecima.com\/wp-content\/uploads\/2024\/04\/archive-arquivo-casas-da-quinta-de-cima-suites-algarve-tavira-cacela-velha.webp 1024w, https:\/\/www.casasdaquintadecima.com\/wp-content\/uploads\/2024\/04\/archive-arquivo-casas-da-quinta-de-cima-suites-algarve-tavira-cacela-velha-300x225.webp 300w, https:\/\/www.casasdaquintadecima.com\/wp-content\/uploads\/2024\/04\/archive-arquivo-casas-da-quinta-de-cima-suites-algarve-tavira-cacela-velha-768x576.webp 768w, https:\/\/www.casasdaquintadecima.com\/wp-content\/uploads\/2024\/04\/archive-arquivo-casas-da-quinta-de-cima-suites-algarve-tavira-cacela-velha-440x330.webp 440w, https:\/\/www.casasdaquintadecima.com\/wp-content\/uploads\/2024\/04\/archive-arquivo-casas-da-quinta-de-cima-suites-algarve-tavira-cacela-velha-600x450.webp 600w\" sizes=\"(max-width: 1024px) 100vw, 1024px\" \/>\t\t\t\t\t\t\t\t\t\t\t\t\t\t\t<\/div>\n\t\t\t\t<\/div>\n\t\t\t\t<div class=\"elementor-element elementor-element-27da204 elementor-widget elementor-widget-text-editor\" data-id=\"27da204\" data-element_type=\"widget\" data-settings=\"{&quot;hoteller_ext_link_sidemenu&quot;:&quot;false&quot;,&quot;hoteller_ext_link_fullmenu&quot;:&quot;false&quot;,&quot;hoteller_ext_link_closed_fullmenu&quot;:&quot;false&quot;,&quot;hoteller_ext_is_scrollme&quot;:&quot;false&quot;,&quot;hoteller_ext_is_smoove&quot;:&quot;false&quot;,&quot;hoteller_ext_is_parallax_mouse&quot;:&quot;false&quot;,&quot;hoteller_ext_is_infinite&quot;:&quot;false&quot;,&quot;hoteller_ext_is_fadeout_animation&quot;:&quot;false&quot;,&quot;hoteller_ext_mobile_static&quot;:&quot;false&quot;}\" data-widget_type=\"text-editor.default\">\n\t\t\t\t<div class=\"elementor-widget-container\">\n\t\t\t\t\t\t\t\t\tUma hist\u00f3ria de amor de cem anos pela terra desta regi\u00e3o preservada do Algarve.  Propriedade da mesma fam\u00edlia h\u00e1 cinco gera\u00e7\u00f5es, a Quinta de Cima \u00e9 uma herdade agr\u00edcola em produ\u00e7\u00e3o com 50 hectares. O projeto do boutique hotel Casas da Quinta de Cima foi desenhado em respeito com este legado, adicionando a componente hoteleira \u00e0 sua vis\u00e3o de sustentabilidade futura. \t\t\t\t\t\t\t\t<\/div>\n\t\t\t\t<\/div>\n\t\t\t\t\t<\/div>\n\t\t<\/div>\n\t\t\t\t\t<\/div>\n\t\t<\/section>\n\t\t\t\t<section class=\"elementor-section elementor-top-section elementor-element elementor-element-05c7b67 elementor-section-boxed elementor-section-height-default elementor-section-height-default elementor-invisible\" data-id=\"05c7b67\" data-element_type=\"section\" data-settings=\"{&quot;animation&quot;:&quot;fadeIn&quot;,&quot;animation_tablet&quot;:&quot;fadeIn&quot;,&quot;hoteller_ext_is_background_parallax&quot;:&quot;false&quot;,&quot;hoteller_ext_is_background_on_scroll&quot;:&quot;false&quot;}\">\n\t\t\t\t\t\t<div class=\"elementor-container elementor-column-gap-no\">\n\t\t\t\t\t<div class=\"elementor-column elementor-col-100 elementor-top-column elementor-element elementor-element-fcd73ff\" data-id=\"fcd73ff\" data-element_type=\"column\" data-settings=\"{&quot;hoteller_ext_link_sidemenu&quot;:&quot;false&quot;,&quot;hoteller_ext_link_fullmenu&quot;:&quot;false&quot;,&quot;hoteller_ext_link_closed_fullmenu&quot;:&quot;false&quot;,&quot;hoteller_ext_is_scrollme&quot;:&quot;false&quot;,&quot;hoteller_ext_is_smoove&quot;:&quot;false&quot;,&quot;hoteller_ext_is_parallax_mouse&quot;:&quot;false&quot;,&quot;hoteller_ext_is_infinite&quot;:&quot;false&quot;,&quot;hoteller_ext_is_fadeout_animation&quot;:&quot;false&quot;,&quot;hoteller_ext_mobile_static&quot;:&quot;false&quot;}\">\n\t\t\t<div class=\"elementor-widget-wrap elementor-element-populated\">\n\t\t\t\t\t\t<div class=\"elementor-element elementor-element-b04d129 elementor-widget elementor-widget-hoteller-timeline\" data-id=\"b04d129\" data-element_type=\"widget\" data-settings=\"{&quot;hoteller_ext_link_sidemenu&quot;:&quot;false&quot;,&quot;hoteller_ext_link_fullmenu&quot;:&quot;false&quot;,&quot;hoteller_ext_link_closed_fullmenu&quot;:&quot;false&quot;,&quot;hoteller_ext_is_scrollme&quot;:&quot;false&quot;,&quot;hoteller_ext_is_smoove&quot;:&quot;false&quot;,&quot;hoteller_ext_is_parallax_mouse&quot;:&quot;false&quot;,&quot;hoteller_ext_is_infinite&quot;:&quot;false&quot;,&quot;hoteller_ext_is_fadeout_animation&quot;:&quot;false&quot;,&quot;hoteller_ext_mobile_static&quot;:&quot;false&quot;}\" data-widget_type=\"hoteller-timeline.default\">\n\t\t\t\t<div class=\"elementor-widget-container\">\n\t\t\t\t\t<div class=\"timeline_wrapper\">\n\t\t<div class=\"timeline_entry \">\n\t\t\t<div class=\"timeline_title\">\n\t\t\t\t\t\t\t\t\t<div class=\"timeline_image\"><img decoding=\"async\" src=\"https:\/\/www.casasdaquintadecima.com\/wp-content\/uploads\/2024\/04\/about-1-768x576.webp\" alt=\"\" width=\"768\" height=\"576\" \/><\/div>\n\t\t\t\t\t\t\t\t<h3>1920<\/h3>\n\t\t\t<\/div>\n\t\t\t<div class=\"timeline_body\"><p>Compra dos terrenos da Quinta de Cima por Frederico Ramirez, uma figura pol\u00edtica proeminente no Algarve e um dos herdeiros de Sebastian Ramirez \u2013 fundador da ic\u00f3nica empresa de conservas de peixe.<\/p><\/div>\n\t\t<\/div>\n\t\t<div class=\"timeline_entry \">\n\t\t\t<div class=\"timeline_title\">\n\t\t\t\t\t\t\t\t\t<div class=\"timeline_image\"><img loading=\"lazy\" decoding=\"async\" src=\"https:\/\/www.casasdaquintadecima.com\/wp-content\/uploads\/2024\/04\/1925-archive-arquivo-casas-da-quinta-de-cima-suites-algarve-tavira-cacela-velha-768x576.webp\" alt=\"Arquivo Casas da Quinta de Cima Cacela Velha Tavira Algarve\" width=\"768\" height=\"576\" \/><\/div>\n\t\t\t\t\t\t\t\t<h3>1925<\/h3>\n\t\t\t<\/div>\n\t\t\t<div class=\"timeline_body\"><p>Constru\u00e7\u00e3o da casa principal da Quinta de Cima. Em tempos a casa principal da fam\u00edlia, tornou-se gradualmente na sua casa de f\u00e9rias preferida, preservada com cuidado ao longo destes 100 anos.<\/p><\/div>\n\t\t<\/div>\n\t\t<div class=\"timeline_entry \">\n\t\t\t<div class=\"timeline_title\">\n\t\t\t\t\t\t\t\t\t<div class=\"timeline_image\"><img loading=\"lazy\" decoding=\"async\" src=\"https:\/\/www.casasdaquintadecima.com\/wp-content\/uploads\/2024\/04\/archive-arquivo-casas-da-quinta-de-cima-suites-algarve-tavira-cacela-velha-768x576.webp\" alt=\"Arquivo Casas da Quinta de Cima Cacela Velha Tavira Algarve\" width=\"768\" height=\"576\" \/><\/div>\n\t\t\t\t\t\t\t\t<h3>1945<\/h3>\n\t\t\t<\/div>\n\t\t\t<div class=\"timeline_body\"><p>Constru\u00e7\u00e3o do monte agr\u00edcola, incluindo os armaz\u00e9ns e casas onde hoje ficam as nove suites do hotel. A preserva\u00e7\u00e3o destes espa\u00e7os e integra\u00e7\u00e3o do boutique hotel na propriedade em produ\u00e7\u00e3o, estiveram na base da conce\u00e7\u00e3o do projeto das Casas da Quinta de Cima.<\/p><\/div>\n\t\t<\/div>\n\t\t<div class=\"timeline_entry \">\n\t\t\t<div class=\"timeline_title\">\n\t\t\t\t\t\t\t\t\t<div class=\"timeline_image\"><img loading=\"lazy\" decoding=\"async\" src=\"https:\/\/www.casasdaquintadecima.com\/wp-content\/uploads\/2024\/04\/1954-archive-arquivo-casas-da-quinta-de-cima-suites-algarve-tavira-cacela-velha-768x576.webp\" alt=\"Arquivo Casas da Quinta de Cima Cacela Velha Tavira Algarve\" width=\"768\" height=\"576\" \/><\/div>\n\t\t\t\t\t\t\t\t<h3>1954<\/h3>\n\t\t\t<\/div>\n\t\t\t<div class=\"timeline_body\"><p>A Quinta de Cima recebe o pr\u00e9mio de melhor propriedade cereal\u00edfera de Portugal. Uma distin\u00e7\u00e3o que ainda exibimos orgulhosamente na fachada da nossa casa 1.<\/p><\/div>\n\t\t<\/div>\n\t\t<div class=\"timeline_entry \">\n\t\t\t<div class=\"timeline_title\">\n\t\t\t\t\t\t\t\t\t<div class=\"timeline_image\"><img loading=\"lazy\" decoding=\"async\" src=\"https:\/\/www.casasdaquintadecima.com\/wp-content\/uploads\/2024\/04\/1959-archive-arquivo-casas-da-quinta-de-cima-suites-algarve-tavira-cacela-velha-768x576.webp\" alt=\"Arquivo Casas da Quinta de Cima Cacela Velha Tavira Algarve\" width=\"768\" height=\"576\" \/><\/div>\n\t\t\t\t\t\t\t\t<h3>1959<\/h3>\n\t\t\t<\/div>\n\t\t\t<div class=\"timeline_body\"><p>A propriedade passa a produzir azeite com a constru\u00e7\u00e3o do lagar de azeite.\n<\/p><\/div>\n\t\t<\/div>\n\t\t<div class=\"timeline_entry \">\n\t\t\t<div class=\"timeline_title\">\n\t\t\t\t\t\t\t\t\t<div class=\"timeline_image\"><img loading=\"lazy\" decoding=\"async\" src=\"https:\/\/www.casasdaquintadecima.com\/wp-content\/uploads\/2024\/04\/1960-archive-arquivo-casas-da-quinta-de-cima-suites-algarve-tavira-cacela-velha-768x576.webp\" alt=\"Arquivo Casas da Quinta de Cima Cacela Velha Tavira Algarve\" width=\"768\" height=\"576\" \/><\/div>\n\t\t\t\t\t\t\t\t<h3>1960-70<\/h3>\n\t\t\t<\/div>\n\t\t\t<div class=\"timeline_body\"><p>A Quinta de Cima passa a produzir principalmente alperces.<\/p><\/div>\n\t\t<\/div>\n\t\t<div class=\"timeline_entry \">\n\t\t\t<div class=\"timeline_title\">\n\t\t\t\t\t\t\t\t\t<div class=\"timeline_image\"><img loading=\"lazy\" decoding=\"async\" src=\"https:\/\/www.casasdaquintadecima.com\/wp-content\/uploads\/2024\/04\/1980-archive-arquivo-casas-da-quinta-de-cima-suites-algarve-tavira-cacela-velha-768x576.webp\" alt=\"Arquivo Casas da Quinta de Cima Cacela Velha Tavira Algarve\" width=\"768\" height=\"576\" \/><\/div>\n\t\t\t\t\t\t\t\t<h3>1980<\/h3>\n\t\t\t<\/div>\n\t\t\t<div class=\"timeline_body\"><p>In\u00edcio do amendoal na Quinta de Cima, tornando a sua paisagem ainda mais encantadora na primavera.<\/p><\/div>\n\t\t<\/div>\n\t\t<div class=\"timeline_entry \">\n\t\t\t<div class=\"timeline_title\">\n\t\t\t\t\t\t\t\t\t<div class=\"timeline_image\"><img loading=\"lazy\" decoding=\"async\" src=\"https:\/\/www.casasdaquintadecima.com\/wp-content\/uploads\/2024\/04\/1990-archive-arquivo-casas-da-quinta-de-cima-suites-algarve-tavira-cacela-velha-768x576.webp\" alt=\"Arquivo Casas da Quinta de Cima Cacela Velha Tavira Algarve\" width=\"768\" height=\"576\" \/><\/div>\n\t\t\t\t\t\t\t\t<h3>1990s<\/h3>\n\t\t\t<\/div>\n\t\t\t<div class=\"timeline_body\"><p>Nesta d\u00e9cada, a Quinta de Cima passa a dedicar-se aos citrinos: laranja, lim\u00e3o, tangerinas e toranjas que s\u00e3o ainda a base da sua produ\u00e7\u00e3o atual, com cerca de 15,000 \u00e1rvores.<\/p><\/div>\n\t\t<\/div>\n\t\t<div class=\"timeline_entry \">\n\t\t\t<div class=\"timeline_title\">\n\t\t\t\t\t\t\t\t\t<div class=\"timeline_image\"><img loading=\"lazy\" decoding=\"async\" src=\"https:\/\/www.casasdaquintadecima.com\/wp-content\/uploads\/2024\/04\/2000-archive-arquivo-casas-da-quinta-de-cima-suites-algarve-tavira-cacela-velha-768x576.webp\" alt=\"Arquivo Casas da Quinta de Cima Cacela Velha Tavira Algarve\" width=\"768\" height=\"576\" \/><\/div>\n\t\t\t\t\t\t\t\t<h3>2000<\/h3>\n\t\t\t<\/div>\n\t\t\t<div class=\"timeline_body\"><p>In\u00edcio da produ\u00e7\u00e3o de abacates. As caracter\u00edsticas da terra e o clima desta regi\u00e3o do Algarve s\u00e3o ideias para produzir abacates de grande qualidade e sabor \u00fanicos.<\/p><\/div>\n\t\t<\/div>\n\t\t<div class=\"timeline_entry \">\n\t\t\t<div class=\"timeline_title\">\n\t\t\t\t\t\t\t\t\t<div class=\"timeline_image\"><img loading=\"lazy\" decoding=\"async\" src=\"https:\/\/www.casasdaquintadecima.com\/wp-content\/uploads\/2024\/04\/2020-archive-arquivo-casas-da-quinta-de-cima-suites-algarve-tavira-cacela-velha-768x576.webp\" alt=\"Arquivo Casas da Quinta de Cima Cacela Velha Tavira Algarve\" width=\"768\" height=\"576\" \/><\/div>\n\t\t\t\t\t\t\t\t<h3>2020<\/h3>\n\t\t\t<\/div>\n\t\t\t<div class=\"timeline_body\"><p>Come\u00e7o das obras de convers\u00e3o do monte agr\u00edcola em hotel, concretizando o projeto da fam\u00edlia de o adaptar a fins tur\u00edsticos. Da autoria do premiado arquiteto portugu\u00eas Jo\u00e3o Pedro Falc\u00e3o de Campos, as Casas da Quinta de Cima s\u00e3o a express\u00e3o do desejo de uma grande qualidade em todas as suas componentes.<\/p><\/div>\n\t\t<\/div>\n\t\t<div class=\"timeline_entry \">\n\t\t\t<div class=\"timeline_title\">\n\t\t\t\t\t\t\t\t\t<div class=\"timeline_image\"><img loading=\"lazy\" decoding=\"async\" src=\"https:\/\/www.casasdaquintadecima.com\/wp-content\/uploads\/2024\/04\/about-4-768x576.webp\" alt=\"Pool Piscina Casas da Quinta de Cima Cacela Velha Tavira Algarve\" width=\"768\" height=\"576\" \/><\/div>\n\t\t\t\t\t\t\t\t<h3>2022<\/h3>\n\t\t\t<\/div>\n\t\t\t<div class=\"timeline_body\"><p>As suites das Casas da Quinta recebem os primeiros h\u00f3spedes apenas em regime de alojamento, enquanto terminam as obras de convers\u00e3o das outras \u00e1reas do boutique hotel.<\/p><\/div>\n\t\t<\/div>\n\t\t<div class=\"timeline_entry \">\n\t\t\t<div class=\"timeline_title\">\n\t\t\t\t\t\t\t\t\t<div class=\"timeline_image\"><img loading=\"lazy\" decoding=\"async\" src=\"https:\/\/www.casasdaquintadecima.com\/wp-content\/uploads\/2024\/07\/about-2024-768x576.webp\" alt=\"\" width=\"768\" height=\"576\" \/><\/div>\n\t\t\t\t\t\t\t\t<h3>2024<\/h3>\n\t\t\t<\/div>\n\t\t\t<div class=\"timeline_body\"><p>Abertura das Casas da Quinta de Cima como boutique hotel finalizado, com 9 suites e uma casa privativa, a Casa 10. As \u00e1reas p\u00fablicas, instaladas nos antigos armaz\u00e9ns da herdade, incluem 3 grandes sal\u00f5es que se dividem em sala de estar, sala de jantar e rece\u00e7\u00e3o. Com amplos jardins e v\u00e1rios p\u00e1tios, o boutique hotel oferece condi\u00e7\u00f5es \u00fanicas quer para f\u00e9rias quer para a realiza\u00e7\u00e3o de eventos privados e corporativos. Conclus\u00e3o da Villa com tr\u00eas quartos e piscina privativa. Entre laranjeiras e limoeiros, a sul da propriedade, \u00e9 o espa\u00e7o ideal para fam\u00edlias ou grupos de amigos.<\/p><\/div>\n\t\t<\/div>\n<\/div><br class=\"clear\"\/>\n\t\t\t\t<\/div>\n\t\t\t\t<\/div>\n\t\t\t\t\t<\/div>\n\t\t<\/div>\n\t\t\t\t\t<\/div>\n\t\t<\/section>\n\t\t\t\t<\/div>\n\t\t","protected":false},"excerpt":{"rendered":"<p>Um ref\u00fagio de f\u00e9rias paradis\u00edacona \u00faltima extens\u00e3o do Algarve preservado Numa quinta centen\u00e1ria de 50 hectares, as Casas da Quinta De Cima s\u00e3o um ref\u00fagio de f\u00e9rias intemporal que combina a tranquilidade de um retiro rural com a simplicidade aut\u00eantica [&hellip;]<\/p>\n","protected":false},"author":2,"featured_media":0,"parent":0,"menu_order":0,"comment_status":"closed","ping_status":"closed","template":"elementor_header_footer","meta":{"footnotes":""},"class_list":["post-5818","page","type-page","status-publish","hentry"],"_links":{"self":[{"href":"https:\/\/www.casasdaquintadecima.com\/pt-pt\/wp-json\/wp\/v2\/pages\/5818","targetHints":{"allow":["GET"]}}],"collection":[{"href":"https:\/\/www.casasdaquintadecima.com\/pt-pt\/wp-json\/wp\/v2\/pages"}],"about":[{"href":"https:\/\/www.casasdaquintadecima.com\/pt-pt\/wp-json\/wp\/v2\/types\/page"}],"author":[{"embeddable":true,"href":"https:\/\/www.casasdaquintadecima.com\/pt-pt\/wp-json\/wp\/v2\/users\/2"}],"replies":[{"embeddable":true,"href":"https:\/\/www.casasdaquintadecima.com\/pt-pt\/wp-json\/wp\/v2\/comments?post=5818"}],"version-history":[{"count":19,"href":"https:\/\/www.casasdaquintadecima.com\/pt-pt\/wp-json\/wp\/v2\/pages\/5818\/revisions"}],"predecessor-version":[{"id":8772,"href":"https:\/\/www.casasdaquintadecima.com\/pt-pt\/wp-json\/wp\/v2\/pages\/5818\/revisions\/8772"}],"wp:attachment":[{"href":"https:\/\/www.casasdaquintadecima.com\/pt-pt\/wp-json\/wp\/v2\/media?parent=5818"}],"curies":[{"name":"wp","href":"https:\/\/api.w.org\/{rel}","templated":true}]}}